{"id":10203,"date":"2016-01-18T09:50:02","date_gmt":"2016-01-18T08:50:02","guid":{"rendered":"http:\/\/lexing.ch\/de\/vie-privee-et-cookies\/"},"modified":"2017-10-21T12:52:03","modified_gmt":"2017-10-21T10:52:03","slug":"schutz-des-privatlebens","status":"publish","type":"page","link":"https:\/\/lexing.ch\/de\/schutz-des-privatlebens\/","title":{"rendered":"Datenschutz"},"content":{"rendered":"<h2>Verwendung von Cookies<\/h2>\n<p>Wir verwenden Cookies <a href=\"http:\/\/lexing.ch\/wp-content\/uploads\/2016\/01\/cookiespandp-3.pdf\" target=\"_blank\" rel=\"noopener\">Aus technischen Gr\u00fcnden<\/a>\u00a0f\u00fcr die folgenden Zwecke:<\/p>\n<ul>\n<li>um die von Ihnen gew\u00e4hlte Spracheinstellung zu speichern,<\/li>\n<li>um Ihnen den Kauf von Modellen oder Paketen zu erm\u00f6glichen,<\/li>\n<li>um Ihnen den Bezug unserer Newsletter zu erm\u00f6glichen,<\/li>\n<li>um Informationen weitergeben zu k\u00f6nnen,<\/li>\n<li>um unsere Website zu sch\u00fctzen<\/li>\n<li>und um Statistiken bez\u00fcglich der Nutzung unserer Website zu f\u00fchren.<\/li>\n<\/ul>\n<p>Sie haben die M\u00f6glichkeit, Ihren Browser so zu konfigurieren, dass jedes Mal beim Anlegen von Cookies eine Meldung erscheint oder ihr Anlegen verhindert wird. Dies geschieht wie folgt:<\/p>\n<ul>\n<li>Internet Explorer:\u00a0<a href=\"https:\/\/support.microsoft.com\/de-de\/help\/17442\/windows-internet-explorer-delete-manage-cookies\" target=\"_blank\" rel=\"noopener\">https:\/\/support.microsoft.com\/de-de\/help\/17442\/windows-internet-explorer-delete-manage-cookies<\/a><\/li>\n<li>Chrome:\u00a0<a href=\"https:\/\/support.google.com\/chrome\/answer\/95647?hl=de\" target=\"_blank\" rel=\"noopener\">https:\/\/support.google.com\/chrome\/answer\/95647?hl=de<\/a><\/li>\n<li>Firefox:\u00a0<a href=\"https:\/\/support.mozilla.org\/de\/kb\/cookies-erlauben-und-ablehnen\" target=\"_blank\" rel=\"noopener\">https:\/\/support.mozilla.org\/de\/kb\/cookies-erlauben-und-ablehnen<\/a><\/li>\n<li>Safari:\u00a0<a href=\"https:\/\/support.apple.com\/kb\/PH21411?viewlocale=de_DE&amp;locale=fr_FR\" target=\"_blank\" rel=\"noopener\">https:\/\/support.apple.com\/kb\/PH21411?viewlocale=de_DE&amp;locale=fr_FR<\/a><\/li>\n<\/ul>\n<p>Das Verbieten von Cookies verhindert jedoch nicht den Zugriff auf unsere Website.<\/p>\n<h2>Verarbeitung personenbezogener Daten der Besucher und Nutzer unserer Website<\/h2>\n<p>1. Sie k\u00f6nnen unsere Website besuchen und sich dort \u00fcber unsere Dienstleistungen und die neuesten Nachrichten informieren, ohne hierf\u00fcr pers\u00f6nliche Daten eingeben zu m\u00fcssen.<\/p>\n<p>Sofern Sie sich daf\u00fcr entscheiden sollten, pers\u00f6nliche Daten einzugeben, werden wir diese entsprechend den gesetzlichen Vorschriften vertraulich behandeln.<\/p>\n<p>2. Die von Ihnen \u00fcbermittelten pers\u00f6nlichen Daten (Name, Vorname, Foto, Beruf, Wohnsitz oder Aufenthaltsort, Telefon- und Telefaxnummer, E-Mail-Anschrift, Geburtsdatum und Geburtsort, Personenstand, Nummer im Einwohnermelderegister bzw. des Personalausweises, Sprachen und Spezialgebiete, Diplome und akademische Titel bzw. Berufsabschl\u00fcsse, Berufslaufbahn, Qualifikationen, Kontonummer, Angaben zu Ihrem Dossier einschlie\u00dflich, falls erforderlich und in dem Umfang wie f\u00fcr die Bearbeitung des genannten Dossiers n\u00f6tig, die entsprechenden Krankheitsdaten ggf. ohne Hinzuziehung einer medizinischen Fachkraft sowie die entsprechenden Daten bez\u00fcglich Rechtsstreitigkeiten vor den Gerichten, Verdachtsmomente, Strafverfolgungsma\u00dfnahmen und Verurteilungen, zu denen Sie ausdr\u00fccklich Ihre Zustimmung erteilt haben) werden verarbeitet von Etude S\u00e9bastien Fanti, Avocat &amp; notaire, rue du Pr\u00e9-Fleuri 8B, CP 497, 1951 Sion (Anw\u00e4lte, Sekretariats- und Buchhaltungspersonal, im letzteren Fall nur die Kontakt- und Kontodaten). Diese Kanzlei ist f\u00fcr die Verarbeitung verantwortlich und wird im weiteren Verlauf kurz als \u201eLexing\u201c bezeichnet.<\/p>\n<p>Die Verarbeitung Ihrer Daten erfolgt gem\u00e4\u00df dem belgischen Gesetz vom 19. Juni 1992 \u00fcber den Schutz der Privatsph\u00e4re bei der Verarbeitung personenbezogener Daten sowie gem\u00e4\u00df der belgischen Datenschutz-Grundverordnung 2016\/679 ab ihrem Inkrafttreten am 25. Mai 2018:<\/p>\n<ul>\n<li>Die Verarbeitung der Daten, die erforderlich sind, um den zwischen Ihnen und Lexing geschlossenen Vertrag zu erf\u00fcllen, dient den folgenden Zwecken:<\/li>\n<\/ul>\n<p>(i) Kundenmanagement<\/p>\n<p>(ii) Erstellung, Einziehung und \u00dcberpr\u00fcfung von Rechnungen<\/p>\n<p>(iii) Vermeidung von Interessenkonflikten innerhalb der Kanzlei und des Netzwerks Lexing<\/p>\n<p>(iv) Ihre Identifizierung beim Betreten der Kanzlei mittels einer videogest\u00fctzten Gegensprechanlage<\/p>\n<p>(v) zur Erf\u00fcllung unserer Verpflichtungen gem\u00e4\u00df dem belgischen Gesetz vom 10. Oktober 1993 zur Verhinderung der Nutzung des Finanzsystems zum Zwecke der Geldw\u00e4sche und der Terrorismusfinanzierung.<\/p>\n<p>Diese Daten werden f\u00fcr die Dauer von f\u00fcnf Jahren nach der Erf\u00fcllung des letzten Mandats, das Sie uns erteilt haben, aufbewahrt.<\/p>\n<ul>\n<li>Gegebenenfalls werden Ihre Daten auch in dem Umfang verarbeitet, der erforderlich ist, um Ihre Bewerbung um eine T\u00e4tigkeit innerhalb der Rechtsanwaltsgesellschaft zu bearbeiten. Sollte Ihre Bewerbung erfolglos sein, so werden die Daten sp\u00e4testens drei Monate nach Beendigung des Auswahlverfahrens gel\u00f6scht.<\/li>\n<li>Durch das Ankreuzen des entsprechenden K\u00e4stchens auf unserer Website und durch die Mitteilung Ihrer pers\u00f6nlichen Daten erteilen Sie uns im \u00dcbrigen Ihre ausdr\u00fcckliche Zustimmung zur Verarbeitung dieser Daten f\u00fcr die folgenden Zwecke:<\/li>\n<\/ul>\n<p>(vi) f\u00fcr die Zustellung von Informationsschreiben der Kanzlei Lexing oder einer der Kanzleien, die dem Lexing-Netzwerk angeh\u00f6ren, entweder in Papierform oder in elektronischer Form<\/p>\n<p>(vii) f\u00fcr die Durchf\u00fchrung von Informations- oder Werbeveranstaltungen \u00fcber die Dienstleistungen der Kanzlei Lexing oder einer der Kanzleien, die dem Lexing-Netzwerk angeh\u00f6ren<\/p>\n<p>(viii) um ein Angebot f\u00fcr eine \u00f6ffentliche Ausschreibung oder ein privates Bieterverfahren f\u00fcr juristische Dienstleistungen abzugeben<\/p>\n<p>(ix) um Marktstudien durchzuf\u00fchren<\/p>\n<p>(x.) und um Ihnen neue Zwecke anzubieten.<\/p>\n<p>Sofern die Verarbeitung ausschlie\u00dflich vorbehaltlich Ihrer Einwilligung erfolgt, steht es Ihnen jederzeit frei, Ihre Einwilligung durch ein an Lexing adressiertes Schreiben zur\u00fcckzuziehen, ohne dass dies die Rechtm\u00e4\u00dfigkeit der vor dem R\u00fcckzug dieser Einwilligung erfolgten Datenverarbeitungen beeintr\u00e4chtigt. Ihre Daten werden solange aufbewahrt, wie Sie uns keinen gegenteiligen Wunsch mitgeteilt haben.<\/p>\n<p>3. Unseren internen Datenschutzbeauftragten erreichen Sie unter den folgenden Kontaktdaten:\u00a0<a href=\"mailto:privacy@lexing.ch\">privacy@lexing.ch<\/a>; Postanschrift: rue du Pr\u00e9-Fleuri 8B, CP 497, 1951 Sion.<\/p>\n<p>4. Innerhalb der Kanzlei Lexing erfolgt die Weitergabe Ihrer Daten entweder an einen mit Ihrem Dossier beauftragten Anwalt oder in zweiter Linie zu streng dokumentarischen Zwecken f\u00fcr die Nutzung der im Rahmen Ihres Dossiers geleisteten geistigen Arbeit f\u00fcr ein anderes Dossier unter strenger Einhaltung der oben erw\u00e4hnten Rechtsvorschriften. Gegebenenfalls kann unser interner Datenschutzbeauftragter im Rahmen der Aus\u00fcbung seines Auftrags hierzu Zugang erhalten.<\/p>\n<p>5. Ihre Daten werden an keinen anderen Empf\u00e4nger als die nachstehend aufgef\u00fchrten Personen und nur f\u00fcr die folgenden Zwecke weitergegeben:<\/p>\n<p>\u2013 an interne\/externe Anw\u00e4lte, an technische Ratgeber, an Notare und Gerichte, Mediatoren, Schiedspersonen oder jegliche andere Beschwerdeinstanz, die im Zusammenhang mit Ihrem Dossier angerufen wird, zum Zwecke der Bearbeitung Ihres Dossiers.<\/p>\n<p>\u2013 an die Gerichtsvollzieher, an die wir uns im Rahmen der Bearbeitung Ihres Dossiers wenden<\/p>\n<p>\u2013 an die Anwaltskanzlei und den Gerichtsvollzieher, die bei Nichtzahlung gegebenenfalls mit der Einziehung unserer Honorare beauftragt werden<\/p>\n<p>\u2013 ausschlie\u00dflich betreffend Ihrer Identit\u00e4t an die staatlichen Stellen, Vergabebeh\u00f6rden und privaten Akteure im Rahmen von Ausschreibungen<\/p>\n<p>\u2013 gegebenenfalls an den Vorsitzenden unserer Anwaltskammer sowie an die Aufsichtsbeh\u00f6rde zur Erf\u00fcllung unserer Verpflichtungen gem\u00e4\u00df dem belgischen Gesetz vom 10. Oktober 1997 zur Verhinderung der Nutzung des Finanzsystems zum Zwecke der Geldw\u00e4sche und der Terrorismusfinanzierung<\/p>\n<p>\u2013 an unsere Dienstleister f\u00fcr die IT-Infrastruktur, f\u00fcr unser Verwaltungsprogramm, f\u00fcr die Umsetzung und Pflege unserer Website und unseres Extranets soweit dies f\u00fcr die Erf\u00fcllung ihres jeweiligen Auftrags erforderlich ist<\/p>\n<p>\u2013 an die Steuer- und Sozialbeh\u00f6rden, an unser Sozialsekretariat und an unseren Wirtschaftspr\u00fcfer in dem Ma\u00dfe, wie dies f\u00fcr die Einhaltung unserer steuerlichen und sozialen Verpflichtungen erforderlich ist.<\/p>\n<p>6. Sie k\u00f6nnen sich mit einem datierten und unterschriebenen Brief (auch in elektronischer Form), den Sie zusammen mit Ihrem Identit\u00e4tsnachweis an den Verantwortlichen f\u00fcr die Datenverarbeitung richten, von der Kanzlei eine kostenlose Kopie (auch in elektronischer Form) der Sie betreffenden personenbezogenen Daten sowie gegebenenfalls eine Richtigstellung oder L\u00f6schung unzutreffender, unvollst\u00e4ndiger oder nicht sachdienlicher Daten oder die Bearbeitung dieses Anliegen innerhalb eines Zeitraums von 30 Tagen verlangen. Dar\u00fcber hinaus haben Sie das Recht auf Daten\u00fcbertragbarkeit. Nach Ablauf dieser Frist von 30 Tagen k\u00f6nnen Sie davon ausgehen, dass Ihre Anfrage abgelehnt wurde.<\/p>\n<p>7. Sollten Sie zu irgendeinem Zeitpunkt der Ansicht sein, dass wir Ihre Privatsph\u00e4re nicht respektieren, dann wenden Sie sich bitte per Brief oder E-Mail an unseren Datenschutzbeauftragten (<a href=\"mailto:privacy@lexing.ch\">privacy@lexing.ch<\/a>). Wir werden alles unternehmen, um dem Problem auf den Grund zu gehen und es zu beheben.<\/p>\n<p>01.07.2017<\/p>\n<div><\/div>\n","protected":false},"excerpt":{"rendered":"<p>Verwendung von Cookies Wir verwenden Cookies Aus technischen Gr\u00fcnden\u00a0f\u00fcr die folgenden Zwecke: um die von Ihnen gew\u00e4hlte Spracheinstellung zu speichern, um Ihnen den Kauf von Modellen oder Paketen zu erm\u00f6glichen, um Ihnen den Bezug unserer Newsletter zu erm\u00f6glichen, um Informationen weitergeben zu k\u00f6nnen, um unsere Website zu sch\u00fctzen und um Statistiken bez\u00fcglich der Nutzung unserer [&hellip;]<\/p>\n","protected":false},"author":1,"featured_media":0,"parent":0,"menu_order":125,"comment_status":"closed","ping_status":"closed","template":"template\/conditions.php","meta":{"_acf_changed":false,"footnotes":""},"class_list":["post-10203","page","type-page","status-publish","hentry"],"yoast_head":"<!-- This site is optimized with the Yoast SEO Premium plugin v20.11 (Yoast SEO v27.3) - https:\/\/yoast.com\/product\/yoast-seo-premium-wordpress\/ -->\n<title>Datenschutz - Lexing Switzerland<\/title>\n<meta name=\"robots\" content=\"index, follow, max-snippet:-1, max-image-preview:large, max-video-preview:-1\" \/>\n<link rel=\"canonical\" href=\"https:\/\/lexing.ch\/vie-privee-et-cookies\/\" \/>\n<meta property=\"og:locale\" content=\"de_DE\" \/>\n<meta property=\"og:type\" content=\"article\" \/>\n<meta property=\"og:title\" content=\"Datenschutz\" \/>\n<meta property=\"og:description\" content=\"Verwendung von Cookies Wir verwenden Cookies Aus technischen Gr\u00fcnden\u00a0f\u00fcr die folgenden Zwecke: um die von Ihnen gew\u00e4hlte Spracheinstellung zu speichern, um Ihnen den Kauf von Modellen oder Paketen zu erm\u00f6glichen, um Ihnen den Bezug unserer Newsletter zu erm\u00f6glichen, um Informationen weitergeben zu k\u00f6nnen, um unsere Website zu sch\u00fctzen und um Statistiken bez\u00fcglich der Nutzung unserer [&hellip;]\" \/>\n<meta property=\"og:url\" content=\"https:\/\/lexing.ch\/vie-privee-et-cookies\/\" \/>\n<meta property=\"og:site_name\" content=\"Lexing Switzerland\" \/>\n<meta property=\"article:publisher\" content=\"https:\/\/www.facebook.com\/Lexing.ch\" \/>\n<meta property=\"article:modified_time\" content=\"2017-10-21T10:52:03+00:00\" \/>\n<meta name=\"twitter:card\" content=\"summary_large_image\" \/>\n<meta name=\"twitter:site\" content=\"@sebastienfanti\" \/>\n<meta name=\"twitter:label1\" content=\"Gesch\u00e4tzte Lesezeit\" \/>\n\t<meta name=\"twitter:data1\" content=\"6\u00a0Minuten\" \/>\n<script type=\"application\/ld+json\" class=\"yoast-schema-graph\">{\"@context\":\"https:\\\/\\\/schema.org\",\"@graph\":[{\"@type\":\"WebPage\",\"@id\":\"https:\\\/\\\/lexing.ch\\\/vie-privee-et-cookies\\\/\",\"url\":\"https:\\\/\\\/lexing.ch\\\/vie-privee-et-cookies\\\/\",\"name\":\"Datenschutz - Lexing Switzerland\",\"isPartOf\":{\"@id\":\"https:\\\/\\\/lexing.ch\\\/#website\"},\"datePublished\":\"2016-01-18T08:50:02+00:00\",\"dateModified\":\"2017-10-21T10:52:03+00:00\",\"breadcrumb\":{\"@id\":\"https:\\\/\\\/lexing.ch\\\/vie-privee-et-cookies\\\/#breadcrumb\"},\"inLanguage\":\"de\",\"potentialAction\":[{\"@type\":\"ReadAction\",\"target\":[\"https:\\\/\\\/lexing.ch\\\/vie-privee-et-cookies\\\/\"]}]},{\"@type\":\"BreadcrumbList\",\"@id\":\"https:\\\/\\\/lexing.ch\\\/vie-privee-et-cookies\\\/#breadcrumb\",\"itemListElement\":[{\"@type\":\"ListItem\",\"position\":1,\"name\":\"Accueil\",\"item\":\"https:\\\/\\\/lexing.ch\\\/de\\\/\"},{\"@type\":\"ListItem\",\"position\":2,\"name\":\"Datenschutz\"}]},{\"@type\":\"WebSite\",\"@id\":\"https:\\\/\\\/lexing.ch\\\/#website\",\"url\":\"https:\\\/\\\/lexing.ch\\\/\",\"name\":\"Lexing Switzerland\",\"description\":\"Common sense. Innovative solutions.\",\"publisher\":{\"@id\":\"https:\\\/\\\/lexing.ch\\\/#organization\"},\"potentialAction\":[{\"@type\":\"SearchAction\",\"target\":{\"@type\":\"EntryPoint\",\"urlTemplate\":\"https:\\\/\\\/lexing.ch\\\/?s={search_term_string}\"},\"query-input\":{\"@type\":\"PropertyValueSpecification\",\"valueRequired\":true,\"valueName\":\"search_term_string\"}}],\"inLanguage\":\"de\"},{\"@type\":\"Organization\",\"@id\":\"https:\\\/\\\/lexing.ch\\\/#organization\",\"name\":\"Lexing.ch\",\"url\":\"https:\\\/\\\/lexing.ch\\\/\",\"logo\":{\"@type\":\"ImageObject\",\"inLanguage\":\"de\",\"@id\":\"https:\\\/\\\/lexing.ch\\\/#\\\/schema\\\/logo\\\/image\\\/\",\"url\":\"https:\\\/\\\/lexing.ch\\\/wp-content\\\/uploads\\\/2018\\\/02\\\/logo-lexing-ch.png\",\"contentUrl\":\"https:\\\/\\\/lexing.ch\\\/wp-content\\\/uploads\\\/2018\\\/02\\\/logo-lexing-ch.png\",\"width\":\"500\",\"height\":\"174\",\"caption\":\"Lexing.ch\"},\"image\":{\"@id\":\"https:\\\/\\\/lexing.ch\\\/#\\\/schema\\\/logo\\\/image\\\/\"},\"sameAs\":[\"https:\\\/\\\/www.facebook.com\\\/Lexing.ch\",\"https:\\\/\\\/x.com\\\/sebastienfanti\"]}]}<\/script>\n<!-- \/ Yoast SEO Premium plugin. -->","yoast_head_json":{"title":"Datenschutz - Lexing Switzerland","robots":{"index":"index","follow":"follow","max-snippet":"max-snippet:-1","max-image-preview":"max-image-preview:large","max-video-preview":"max-video-preview:-1"},"canonical":"https:\/\/lexing.ch\/vie-privee-et-cookies\/","og_locale":"de_DE","og_type":"article","og_title":"Datenschutz","og_description":"Verwendung von Cookies Wir verwenden Cookies Aus technischen Gr\u00fcnden\u00a0f\u00fcr die folgenden Zwecke: um die von Ihnen gew\u00e4hlte Spracheinstellung zu speichern, um Ihnen den Kauf von Modellen oder Paketen zu erm\u00f6glichen, um Ihnen den Bezug unserer Newsletter zu erm\u00f6glichen, um Informationen weitergeben zu k\u00f6nnen, um unsere Website zu sch\u00fctzen und um Statistiken bez\u00fcglich der Nutzung unserer [&hellip;]","og_url":"https:\/\/lexing.ch\/vie-privee-et-cookies\/","og_site_name":"Lexing Switzerland","article_publisher":"https:\/\/www.facebook.com\/Lexing.ch","article_modified_time":"2017-10-21T10:52:03+00:00","twitter_card":"summary_large_image","twitter_site":"@sebastienfanti","twitter_misc":{"Gesch\u00e4tzte Lesezeit":"6\u00a0Minuten"},"schema":{"@context":"https:\/\/schema.org","@graph":[{"@type":"WebPage","@id":"https:\/\/lexing.ch\/vie-privee-et-cookies\/","url":"https:\/\/lexing.ch\/vie-privee-et-cookies\/","name":"Datenschutz - Lexing Switzerland","isPartOf":{"@id":"https:\/\/lexing.ch\/#website"},"datePublished":"2016-01-18T08:50:02+00:00","dateModified":"2017-10-21T10:52:03+00:00","breadcrumb":{"@id":"https:\/\/lexing.ch\/vie-privee-et-cookies\/#breadcrumb"},"inLanguage":"de","potentialAction":[{"@type":"ReadAction","target":["https:\/\/lexing.ch\/vie-privee-et-cookies\/"]}]},{"@type":"BreadcrumbList","@id":"https:\/\/lexing.ch\/vie-privee-et-cookies\/#breadcrumb","itemListElement":[{"@type":"ListItem","position":1,"name":"Accueil","item":"https:\/\/lexing.ch\/de\/"},{"@type":"ListItem","position":2,"name":"Datenschutz"}]},{"@type":"WebSite","@id":"https:\/\/lexing.ch\/#website","url":"https:\/\/lexing.ch\/","name":"Lexing Switzerland","description":"Common sense. Innovative solutions.","publisher":{"@id":"https:\/\/lexing.ch\/#organization"},"potentialAction":[{"@type":"SearchAction","target":{"@type":"EntryPoint","urlTemplate":"https:\/\/lexing.ch\/?s={search_term_string}"},"query-input":{"@type":"PropertyValueSpecification","valueRequired":true,"valueName":"search_term_string"}}],"inLanguage":"de"},{"@type":"Organization","@id":"https:\/\/lexing.ch\/#organization","name":"Lexing.ch","url":"https:\/\/lexing.ch\/","logo":{"@type":"ImageObject","inLanguage":"de","@id":"https:\/\/lexing.ch\/#\/schema\/logo\/image\/","url":"https:\/\/lexing.ch\/wp-content\/uploads\/2018\/02\/logo-lexing-ch.png","contentUrl":"https:\/\/lexing.ch\/wp-content\/uploads\/2018\/02\/logo-lexing-ch.png","width":"500","height":"174","caption":"Lexing.ch"},"image":{"@id":"https:\/\/lexing.ch\/#\/schema\/logo\/image\/"},"sameAs":["https:\/\/www.facebook.com\/Lexing.ch","https:\/\/x.com\/sebastienfanti"]}]}},"acf":[],"_links":{"self":[{"href":"https:\/\/lexing.ch\/de\/wp-json\/wp\/v2\/pages\/10203","targetHints":{"allow":["GET"]}}],"collection":[{"href":"https:\/\/lexing.ch\/de\/wp-json\/wp\/v2\/pages"}],"about":[{"href":"https:\/\/lexing.ch\/de\/wp-json\/wp\/v2\/types\/page"}],"author":[{"embeddable":true,"href":"https:\/\/lexing.ch\/de\/wp-json\/wp\/v2\/users\/1"}],"replies":[{"embeddable":true,"href":"https:\/\/lexing.ch\/de\/wp-json\/wp\/v2\/comments?post=10203"}],"version-history":[{"count":4,"href":"https:\/\/lexing.ch\/de\/wp-json\/wp\/v2\/pages\/10203\/revisions"}],"predecessor-version":[{"id":36842,"href":"https:\/\/lexing.ch\/de\/wp-json\/wp\/v2\/pages\/10203\/revisions\/36842"}],"wp:attachment":[{"href":"https:\/\/lexing.ch\/de\/wp-json\/wp\/v2\/media?parent=10203"}],"curies":[{"name":"wp","href":"https:\/\/api.w.org\/{rel}","templated":true}]}}