{"id":41060,"date":"2019-06-09T15:05:51","date_gmt":"2019-06-09T13:05:51","guid":{"rendered":"https:\/\/lexing.ch\/wp-content\/uploads\/2019\/06\/On-en-parle-videosurveillance-7.6.2019.mp3"},"modified":"2019-06-09T15:06:38","modified_gmt":"2019-06-09T13:06:38","slug":"videosurveillance-la-traque-aux-cameras-hors-la-loi-07-06-2019-2-2","status":"inherit","type":"attachment","link":"https:\/\/lexing.ch\/de\/videosurveillance-dans-des-etablissements-publics\/videosurveillance-la-traque-aux-cameras-hors-la-loi-07-06-2019-2-2\/","title":{"rendered":"On en parle &#8211; videosurveillance &#8211; 7.6.2019"},"author":22,"featured_media":0,"comment_status":"open","ping_status":"closed","template":"","meta":{"_acf_changed":false},"class_list":["post-41060","attachment","type-attachment","status-inherit","hentry"],"yoast_head":"<!-- This site is optimized with the Yoast SEO Premium plugin v20.11 (Yoast SEO v27.3) - https:\/\/yoast.com\/product\/yoast-seo-premium-wordpress\/ -->\n<title>On en parle - videosurveillance - 7.6.2019 - Lexing Switzerland<\/title>\n<meta name=\"robots\" content=\"index, follow, max-snippet:-1, max-image-preview:large, max-video-preview:-1\" \/>\n<link rel=\"canonical\" href=\"https:\/\/lexing.ch\/wp-content\/uploads\/2019\/06\/On-en-parle-videosurveillance-7.6.2019.mp3\" \/>\n<meta property=\"og:locale\" content=\"de_DE\" \/>\n<meta property=\"og:type\" content=\"article\" \/>\n<meta property=\"og:title\" content=\"On en parle - videosurveillance - 7.6.2019 - Lexing Switzerland\" \/>\n<meta property=\"og:description\" content=\"https:\/\/lexing.ch\/wp-content\/uploads\/2019\/06\/On-en-parle-videosurveillance-7.6.2019.mp3 Vid\u00e9osurveillance: la traque aux cam\u00e9ras hors la loi &#8211; 07.06.2019 tir\u00e9 de RTS par Radio T\u00e9l\u00e9vision Suisse. Date de sortie\u00a0: 2019. Piste 0 sur 0. Genre\u00a0: radio.\" \/>\n<meta property=\"og:url\" content=\"https:\/\/lexing.ch\/wp-content\/uploads\/2019\/06\/On-en-parle-videosurveillance-7.6.2019.mp3\" \/>\n<meta property=\"og:site_name\" content=\"Lexing Switzerland\" \/>\n<meta property=\"article:publisher\" content=\"https:\/\/www.facebook.com\/Lexing.ch\" \/>\n<meta property=\"article:modified_time\" content=\"2019-06-09T13:06:38+00:00\" \/>\n<meta name=\"twitter:card\" content=\"summary_large_image\" \/>\n<meta name=\"twitter:site\" content=\"@sebastienfanti\" \/>\n<script type=\"application\/ld+json\" class=\"yoast-schema-graph\">{\"@context\":\"https:\\\/\\\/schema.org\",\"@graph\":[{\"@type\":\"WebPage\",\"@id\":\"https:\\\/\\\/lexing.ch\\\/wp-content\\\/uploads\\\/2019\\\/06\\\/On-en-parle-videosurveillance-7.6.2019.mp3\",\"url\":\"https:\\\/\\\/lexing.ch\\\/wp-content\\\/uploads\\\/2019\\\/06\\\/On-en-parle-videosurveillance-7.6.2019.mp3\",\"name\":\"On en parle - videosurveillance - 7.6.2019 - Lexing Switzerland\",\"isPartOf\":{\"@id\":\"https:\\\/\\\/lexing.ch\\\/#website\"},\"datePublished\":\"2019-06-09T13:05:51+00:00\",\"dateModified\":\"2019-06-09T13:06:38+00:00\",\"breadcrumb\":{\"@id\":\"https:\\\/\\\/lexing.ch\\\/wp-content\\\/uploads\\\/2019\\\/06\\\/On-en-parle-videosurveillance-7.6.2019.mp3#breadcrumb\"},\"inLanguage\":\"de\",\"potentialAction\":[{\"@type\":\"ReadAction\",\"target\":[\"https:\\\/\\\/lexing.ch\\\/wp-content\\\/uploads\\\/2019\\\/06\\\/On-en-parle-videosurveillance-7.6.2019.mp3\"]}]},{\"@type\":\"BreadcrumbList\",\"@id\":\"https:\\\/\\\/lexing.ch\\\/wp-content\\\/uploads\\\/2019\\\/06\\\/On-en-parle-videosurveillance-7.6.2019.mp3#breadcrumb\",\"itemListElement\":[{\"@type\":\"ListItem\",\"position\":1,\"name\":\"Accueil\",\"item\":\"https:\\\/\\\/lexing.ch\\\/de\\\/\"},{\"@type\":\"ListItem\",\"position\":2,\"name\":\"Vid\u00e9osurveillance dans des \u00e9tablissements publics\",\"item\":\"https:\\\/\\\/lexing.ch\\\/de\\\/videosurveillance-dans-des-etablissements-publics\\\/\"},{\"@type\":\"ListItem\",\"position\":3,\"name\":\"On en parle &#8211; videosurveillance &#8211; 7.6.2019\"}]},{\"@type\":\"WebSite\",\"@id\":\"https:\\\/\\\/lexing.ch\\\/#website\",\"url\":\"https:\\\/\\\/lexing.ch\\\/\",\"name\":\"Lexing Switzerland\",\"description\":\"Common sense. Innovative solutions.\",\"publisher\":{\"@id\":\"https:\\\/\\\/lexing.ch\\\/#organization\"},\"potentialAction\":[{\"@type\":\"SearchAction\",\"target\":{\"@type\":\"EntryPoint\",\"urlTemplate\":\"https:\\\/\\\/lexing.ch\\\/?s={search_term_string}\"},\"query-input\":{\"@type\":\"PropertyValueSpecification\",\"valueRequired\":true,\"valueName\":\"search_term_string\"}}],\"inLanguage\":\"de\"},{\"@type\":\"Organization\",\"@id\":\"https:\\\/\\\/lexing.ch\\\/#organization\",\"name\":\"Lexing.ch\",\"url\":\"https:\\\/\\\/lexing.ch\\\/\",\"logo\":{\"@type\":\"ImageObject\",\"inLanguage\":\"de\",\"@id\":\"https:\\\/\\\/lexing.ch\\\/#\\\/schema\\\/logo\\\/image\\\/\",\"url\":\"https:\\\/\\\/lexing.ch\\\/wp-content\\\/uploads\\\/2018\\\/02\\\/logo-lexing-ch.png\",\"contentUrl\":\"https:\\\/\\\/lexing.ch\\\/wp-content\\\/uploads\\\/2018\\\/02\\\/logo-lexing-ch.png\",\"width\":\"500\",\"height\":\"174\",\"caption\":\"Lexing.ch\"},\"image\":{\"@id\":\"https:\\\/\\\/lexing.ch\\\/#\\\/schema\\\/logo\\\/image\\\/\"},\"sameAs\":[\"https:\\\/\\\/www.facebook.com\\\/Lexing.ch\",\"https:\\\/\\\/x.com\\\/sebastienfanti\"]}]}<\/script>\n<!-- \/ Yoast SEO Premium plugin. -->","yoast_head_json":{"title":"On en parle - videosurveillance - 7.6.2019 - Lexing Switzerland","robots":{"index":"index","follow":"follow","max-snippet":"max-snippet:-1","max-image-preview":"max-image-preview:large","max-video-preview":"max-video-preview:-1"},"canonical":"https:\/\/lexing.ch\/wp-content\/uploads\/2019\/06\/On-en-parle-videosurveillance-7.6.2019.mp3","og_locale":"de_DE","og_type":"article","og_title":"On en parle - videosurveillance - 7.6.2019 - Lexing Switzerland","og_description":"https:\/\/lexing.ch\/wp-content\/uploads\/2019\/06\/On-en-parle-videosurveillance-7.6.2019.mp3 Vid\u00e9osurveillance: la traque aux cam\u00e9ras hors la loi &#8211; 07.06.2019 tir\u00e9 de RTS par Radio T\u00e9l\u00e9vision Suisse. Date de sortie\u00a0: 2019. Piste 0 sur 0. Genre\u00a0: radio.","og_url":"https:\/\/lexing.ch\/wp-content\/uploads\/2019\/06\/On-en-parle-videosurveillance-7.6.2019.mp3","og_site_name":"Lexing Switzerland","article_publisher":"https:\/\/www.facebook.com\/Lexing.ch","article_modified_time":"2019-06-09T13:06:38+00:00","twitter_card":"summary_large_image","twitter_site":"@sebastienfanti","schema":{"@context":"https:\/\/schema.org","@graph":[{"@type":"WebPage","@id":"https:\/\/lexing.ch\/wp-content\/uploads\/2019\/06\/On-en-parle-videosurveillance-7.6.2019.mp3","url":"https:\/\/lexing.ch\/wp-content\/uploads\/2019\/06\/On-en-parle-videosurveillance-7.6.2019.mp3","name":"On en parle - videosurveillance - 7.6.2019 - Lexing Switzerland","isPartOf":{"@id":"https:\/\/lexing.ch\/#website"},"datePublished":"2019-06-09T13:05:51+00:00","dateModified":"2019-06-09T13:06:38+00:00","breadcrumb":{"@id":"https:\/\/lexing.ch\/wp-content\/uploads\/2019\/06\/On-en-parle-videosurveillance-7.6.2019.mp3#breadcrumb"},"inLanguage":"de","potentialAction":[{"@type":"ReadAction","target":["https:\/\/lexing.ch\/wp-content\/uploads\/2019\/06\/On-en-parle-videosurveillance-7.6.2019.mp3"]}]},{"@type":"BreadcrumbList","@id":"https:\/\/lexing.ch\/wp-content\/uploads\/2019\/06\/On-en-parle-videosurveillance-7.6.2019.mp3#breadcrumb","itemListElement":[{"@type":"ListItem","position":1,"name":"Accueil","item":"https:\/\/lexing.ch\/de\/"},{"@type":"ListItem","position":2,"name":"Vid\u00e9osurveillance dans des \u00e9tablissements publics","item":"https:\/\/lexing.ch\/de\/videosurveillance-dans-des-etablissements-publics\/"},{"@type":"ListItem","position":3,"name":"On en parle &#8211; videosurveillance &#8211; 7.6.2019"}]},{"@type":"WebSite","@id":"https:\/\/lexing.ch\/#website","url":"https:\/\/lexing.ch\/","name":"Lexing Switzerland","description":"Common sense. Innovative solutions.","publisher":{"@id":"https:\/\/lexing.ch\/#organization"},"potentialAction":[{"@type":"SearchAction","target":{"@type":"EntryPoint","urlTemplate":"https:\/\/lexing.ch\/?s={search_term_string}"},"query-input":{"@type":"PropertyValueSpecification","valueRequired":true,"valueName":"search_term_string"}}],"inLanguage":"de"},{"@type":"Organization","@id":"https:\/\/lexing.ch\/#organization","name":"Lexing.ch","url":"https:\/\/lexing.ch\/","logo":{"@type":"ImageObject","inLanguage":"de","@id":"https:\/\/lexing.ch\/#\/schema\/logo\/image\/","url":"https:\/\/lexing.ch\/wp-content\/uploads\/2018\/02\/logo-lexing-ch.png","contentUrl":"https:\/\/lexing.ch\/wp-content\/uploads\/2018\/02\/logo-lexing-ch.png","width":"500","height":"174","caption":"Lexing.ch"},"image":{"@id":"https:\/\/lexing.ch\/#\/schema\/logo\/image\/"},"sameAs":["https:\/\/www.facebook.com\/Lexing.ch","https:\/\/x.com\/sebastienfanti"]}]}},"acf":[],"smush":"Not processed","description":{"rendered":"<audio class=\"wp-audio-shortcode\" id=\"audio-41060-2\" preload=\"none\" style=\"width: 100%;\" controls=\"controls\"><source type=\"audio\/mpeg\" src=\"https:\/\/lexing.ch\/wp-content\/uploads\/2019\/06\/On-en-parle-videosurveillance-7.6.2019.mp3?_=2\" \/><a href=\"https:\/\/lexing.ch\/wp-content\/uploads\/2019\/06\/On-en-parle-videosurveillance-7.6.2019.mp3\">https:\/\/lexing.ch\/wp-content\/uploads\/2019\/06\/On-en-parle-videosurveillance-7.6.2019.mp3<\/a><\/audio>\n<p><i>Vid\u00e9osurveillance: la traque aux cam\u00e9ras hors la loi &#8211; 07.06.2019<\/i> tir\u00e9 de <i>RTS<\/i> par Radio T\u00e9l\u00e9vision Suisse. Date de sortie\u00a0: 2019. Piste 0 sur 0. Genre\u00a0: radio.<\/p>\n"},"caption":{"rendered":"<p>https:\/\/lexing.ch\/wp-content\/uploads\/2019\/06\/On-en-parle-videosurveillance-7.6.2019.mp3 Vid\u00e9osurveillance: la traque aux cam\u00e9ras hors la loi &#8211; 07.06.2019 tir\u00e9 de RTS par Radio T\u00e9l\u00e9vision Suisse. Date de sortie\u00a0: 2019. Piste 0 sur 0. Genre\u00a0: radio.<\/p>\n"},"alt_text":"","media_type":"file","mime_type":"audio\/mpeg","media_details":{"dataformat":"mp3","channels":2,"sample_rate":44100,"bitrate":128000,"channelmode":"stereo","bitrate_mode":"cbr","lossless":false,"encoder_options":"CBR128","compression_ratio":0.09070294784580499,"fileformat":"mp3","filesize":13215119,"mime_type":"audio\/mpeg","length":819,"length_formatted":"13:39","title":"Vid\u00e9osurveillance: la traque aux cam\u00e9ras hors la loi - 07.06.2019","artist":"Radio T\u00e9l\u00e9vision Suisse","album":"RTS","genre":"radio","track_number":"0\/0","year":"2019","comment":"Peut-on surveiller ses employ\u00e9s? Filmer ses clients? Quelles sont les r\u00e8gles en mati\u00e8re de vid\u00e9osurveillance? Suite \u00e0 de nombreuses plaintes, le canton du Valais a d\u00e9cid\u00e9 de s\u00e9vir: le service de protection des travailleurs m\u00e8ne une campagne de contr\u00f4les sur l'utilisation de cam\u00e9ras de surveillance dans les \u00e9tablissements publics. L'\u00e9clairage de S\u00e9bastien Fanti, avocat et pr\u00e9pos\u00e9 \u00e0 la protection des donn\u00e9es et \u00e0 la transparence du canton du Valais. Par Isabelle Fiaux.","image":{"mime":"image\/png","width":1000,"height":562},"sizes":{}},"post":40953,"source_url":"https:\/\/lexing.ch\/wp-content\/uploads\/2019\/06\/On-en-parle-videosurveillance-7.6.2019.mp3","_links":{"self":[{"href":"https:\/\/lexing.ch\/de\/wp-json\/wp\/v2\/media\/41060","targetHints":{"allow":["GET"]}}],"collection":[{"href":"https:\/\/lexing.ch\/de\/wp-json\/wp\/v2\/media"}],"about":[{"href":"https:\/\/lexing.ch\/de\/wp-json\/wp\/v2\/types\/attachment"}],"author":[{"embeddable":true,"href":"https:\/\/lexing.ch\/de\/wp-json\/wp\/v2\/users\/22"}],"replies":[{"embeddable":true,"href":"https:\/\/lexing.ch\/de\/wp-json\/wp\/v2\/comments?post=41060"}],"wp:attached-to":[{"embeddable":true,"post_type":"post","id":40953,"href":"https:\/\/lexing.ch\/de\/wp-json\/wp\/v2\/posts\/40953"}],"curies":[{"name":"wp","href":"https:\/\/api.w.org\/{rel}","templated":true}]}}